{"id":76,"date":"2023-06-02T10:29:59","date_gmt":"2023-06-02T10:29:59","guid":{"rendered":"https:\/\/mercedesbarrutia.com\/fundamental\/?page_id=76"},"modified":"2026-04-29T14:00:05","modified_gmt":"2026-04-29T14:00:05","slug":"hola-soy-mercedes-barrutia-encantada","status":"publish","type":"page","link":"https:\/\/mercedesbarrutia.com\/fundamental\/hola-soy-mercedes-barrutia-encantada\/","title":{"rendered":"Hola, soy Mercedes Barrutia, encantada."},"content":{"rendered":"\n<p>\ud83d\ude0aTengo una buena noticia: <br>No voy a abrumarte cont\u00e1ndote que tengo 2 doctorados, 5 m\u00e1steres, 2 especializaciones y m\u00e1s de 35 cursos de formaci\u00f3n dentro de mi cabeza. Adem\u00e1s de unas 15 publicaciones cient\u00edficas, no s\u00e9 cu\u00e1ntos congresos, bla, bla, bla&#8230;<br>Para eso ya est\u00e1 mi <a href=\"https:\/\/www.mercedesbarrutia.com\/index.php\/formacion-academica\/\"><mark style=\"background-color:rgba(0, 0, 0, 0)\" class=\"has-inline-color has-custom-color-2-color\">web curr\u00edculum<\/mark><\/a>. <\/p>\n\n\n\n<p>\ud83d\udc69\ud83c\udffb\u200d\ud83d\udcbc<br>Sobre m\u00ed puedo contarte que tengo m\u00e1s de 15 a\u00f1os de experiencia en el \u00e1mbito de la Comunicaci\u00f3n. <br>Que he disfrutado de la investigaci\u00f3n acad\u00e9mica y cient\u00edfica durante una d\u00e9cada. <br>Ahora la ejerzo a veces, de forma particular. <br>Que las oportunidades laborales me han llevado a seguir form\u00e1ndome en \u00e1reas como el Marketing, el Dise\u00f1o Visual, la producci\u00f3n de contenidos y el \u00e1mbito digital. <br>Me considero una cient\u00edfica en las Ciencias Humanas.<\/p>\n\n\n\n<p>\ud83e\udd0d<br>Tambi\u00e9n puedo contarte que me encanta mi trabajo y me enorgullece transmitir lo (poco) que s\u00e9. <br>Soy una apasionada de la educaci\u00f3n social y de la formaci\u00f3n a trav\u00e9s de ramas especializadas como la Comunicaci\u00f3n y el Periodismo, la Antropo-Sociolog\u00eda y la Cultura Audiovisual.  <\/p>\n\n\n\n<p>Puedo contarte que la formaci\u00f3n y la educaci\u00f3n social son algo <em>fundamental <\/em>para m\u00ed. <br>Este peque\u00f1o proyecto, puesto en marcha y motivado por mi conciencia profesional y mi compromiso social, con el que pretendo desarrollar la capacidad y el pensamiento cr\u00edticos a trav\u00e9s del conocimiento y la cultura audiovisual, tambi\u00e9n lo es.<\/p>\n\n\n\n<p>\ud83d\udc49\ud83c\udffcNo te diremos qu\u00e9 pensar. Pero s\u00ed queremos que pienses. <br>No quiero que pienses c\u00f3mo yo. Si coincidimos, bien; sino, reflexionemos. <br>\ud83e\udd2f Quiero que te replantees lo que crees que sabes. <br>Que discutas contigo mismo. <br>\ud83e\uddd0 \u00bfC\u00f3mo? Con pensamiento cr\u00edtico y conocimiento especializado. <\/p>\n\n\n\n<p>Y todo esto, en los <strong><em>\u00e1goras<\/em><\/strong> que planteamos especialmente para ti. <br>Escr\u00edbeme y dime qu\u00e9 necesitas. <br>Lo plateamos todo a medida.<\/p>\n\n\n\n<p class=\"has-link-color wp-elements-a9391518c4b2ae5612be649c71d533eb\">Si quieres saber m\u00e1s sobre mi formaci\u00f3n y trayectoria profesional, puedes visitar mi <a href=\"https:\/\/www.mercedesbarrutia.com\/\">web curr\u00edculum<\/a>. <a href=\"https:\/\/www.mercedesbarrutia.com\/\" target=\"_blank\" rel=\"noreferrer noopener\"> <\/a><\/p>\n\n\n\n<p>Ah, por cierto, esta soy yo. <br>\ud83d\udc47\ud83c\udffc<\/p>\n\n\n\n<figure class=\"wp-block-image aligncenter size-full is-resized\"><img loading=\"lazy\" decoding=\"async\" width=\"1707\" height=\"2560\" src=\"https:\/\/mercedesbarrutia.com\/fundamental\/wp-content\/uploads\/2023\/04\/mercedes33de63-scaled.png\" alt=\"\" class=\"wp-image-262\" style=\"width:205px;height:auto\" srcset=\"https:\/\/mercedesbarrutia.com\/fundamental\/wp-content\/uploads\/2023\/04\/mercedes33de63-scaled.png 1707w, https:\/\/mercedesbarrutia.com\/fundamental\/wp-content\/uploads\/2023\/04\/mercedes33de63-200x300.png 200w, https:\/\/mercedesbarrutia.com\/fundamental\/wp-content\/uploads\/2023\/04\/mercedes33de63-683x1024.png 683w, https:\/\/mercedesbarrutia.com\/fundamental\/wp-content\/uploads\/2023\/04\/mercedes33de63-768x1152.png 768w, https:\/\/mercedesbarrutia.com\/fundamental\/wp-content\/uploads\/2023\/04\/mercedes33de63-1024x1536.png 1024w, https:\/\/mercedesbarrutia.com\/fundamental\/wp-content\/uploads\/2023\/04\/mercedes33de63-1365x2048.png 1365w\" sizes=\"auto, (max-width: 1707px) 100vw, 1707px\" \/><\/figure>\n\n\n\n<p>Encantada. <\/p>\n\n\n\n<p>Si quieres, hablamos por WhatsApp. De t\u00fa a t\u00fa. <\/p>\n\n\n\n<div class=\"wp-block-jetpack-send-a-message\">\n<div class=\"wp-block-jetpack-whatsapp-button aligncenter is-color-dark\"><a class=\"whatsapp-block__button\" href=\"https:\/\/api.whatsapp.com\/send?phone=&amp;text=Hola%2C%20tengo%20tu%20informaci%C3%B3n%20de%20WhatsApp%20de%20tu%20web.\" style=\"background-color:#25D366;color:#fff\" target=\"_self\" rel=\"noopener noreferrer\">Chat en WhatsApp<\/a><\/div>\n<\/div>\n","protected":false},"excerpt":{"rendered":"<p>\ud83d\ude0aTengo una buena noticia: No voy a abrumarte cont\u00e1ndote que tengo 2 doctorados, 5 m\u00e1steres, [&hellip;]<\/p>\n","protected":false},"author":2,"featured_media":0,"parent":0,"menu_order":0,"comment_status":"closed","ping_status":"closed","template":"","meta":{"_uag_custom_page_level_css":"","footnotes":""},"class_list":["post-76","page","type-page","status-publish","hentry"],"yoast_head":"<!-- This site is optimized with the Yoast SEO plugin v27.5 - https:\/\/yoast.com\/product\/yoast-seo-wordpress\/ -->\n<title>Hola, soy Mercedes Barrutia, encantada. - Es fundamental<\/title>\n<meta name=\"robots\" content=\"index, follow, max-snippet:-1, max-image-preview:large, max-video-preview:-1\" \/>\n<link rel=\"canonical\" href=\"https:\/\/mercedesbarrutia.com\/fundamental\/hola-soy-mercedes-barrutia-encantada\/\" \/>\n<meta property=\"og:locale\" content=\"es_ES\" \/>\n<meta property=\"og:type\" content=\"article\" \/>\n<meta property=\"og:title\" content=\"Hola, soy Mercedes Barrutia, encantada. - Es fundamental\" \/>\n<meta property=\"og:description\" content=\"\ud83d\ude0aTengo una buena noticia: No voy a abrumarte cont\u00e1ndote que tengo 2 doctorados, 5 m\u00e1steres, [&hellip;]\" \/>\n<meta property=\"og:url\" content=\"https:\/\/mercedesbarrutia.com\/fundamental\/hola-soy-mercedes-barrutia-encantada\/\" \/>\n<meta property=\"og:site_name\" content=\"Es fundamental\" \/>\n<meta property=\"article:modified_time\" content=\"2026-04-29T14:00:05+00:00\" \/>\n<meta property=\"og:image\" content=\"https:\/\/mercedesbarrutia.com\/fundamental\/wp-content\/uploads\/2023\/04\/mercedes33de63-683x1024.png\" \/>\n\t<meta property=\"og:image:width\" content=\"683\" \/>\n\t<meta property=\"og:image:height\" content=\"1024\" \/>\n\t<meta property=\"og:image:type\" content=\"image\/png\" \/>\n<meta name=\"twitter:card\" content=\"summary_large_image\" \/>\n<meta name=\"twitter:label1\" content=\"Tiempo de lectura\" \/>\n\t<meta name=\"twitter:data1\" content=\"2 minutos\" \/>\n<script type=\"application\/ld+json\" class=\"yoast-schema-graph\">{\"@context\":\"https:\\\/\\\/schema.org\",\"@graph\":[{\"@type\":\"WebPage\",\"@id\":\"https:\\\/\\\/mercedesbarrutia.com\\\/fundamental\\\/hola-soy-mercedes-barrutia-encantada\\\/\",\"url\":\"https:\\\/\\\/mercedesbarrutia.com\\\/fundamental\\\/hola-soy-mercedes-barrutia-encantada\\\/\",\"name\":\"Hola, soy Mercedes Barrutia, encantada. - Es fundamental\",\"isPartOf\":{\"@id\":\"https:\\\/\\\/mercedesbarrutia.com\\\/fundamental\\\/#website\"},\"primaryImageOfPage\":{\"@id\":\"https:\\\/\\\/mercedesbarrutia.com\\\/fundamental\\\/hola-soy-mercedes-barrutia-encantada\\\/#primaryimage\"},\"image\":{\"@id\":\"https:\\\/\\\/mercedesbarrutia.com\\\/fundamental\\\/hola-soy-mercedes-barrutia-encantada\\\/#primaryimage\"},\"thumbnailUrl\":\"https:\\\/\\\/mercedesbarrutia.com\\\/fundamental\\\/wp-content\\\/uploads\\\/2023\\\/04\\\/mercedes33de63-scaled.png\",\"datePublished\":\"2023-06-02T10:29:59+00:00\",\"dateModified\":\"2026-04-29T14:00:05+00:00\",\"breadcrumb\":{\"@id\":\"https:\\\/\\\/mercedesbarrutia.com\\\/fundamental\\\/hola-soy-mercedes-barrutia-encantada\\\/#breadcrumb\"},\"inLanguage\":\"es\",\"potentialAction\":[{\"@type\":\"ReadAction\",\"target\":[\"https:\\\/\\\/mercedesbarrutia.com\\\/fundamental\\\/hola-soy-mercedes-barrutia-encantada\\\/\"]}]},{\"@type\":\"ImageObject\",\"inLanguage\":\"es\",\"@id\":\"https:\\\/\\\/mercedesbarrutia.com\\\/fundamental\\\/hola-soy-mercedes-barrutia-encantada\\\/#primaryimage\",\"url\":\"https:\\\/\\\/mercedesbarrutia.com\\\/fundamental\\\/wp-content\\\/uploads\\\/2023\\\/04\\\/mercedes33de63-scaled.png\",\"contentUrl\":\"https:\\\/\\\/mercedesbarrutia.com\\\/fundamental\\\/wp-content\\\/uploads\\\/2023\\\/04\\\/mercedes33de63-scaled.png\",\"width\":1707,\"height\":2560},{\"@type\":\"BreadcrumbList\",\"@id\":\"https:\\\/\\\/mercedesbarrutia.com\\\/fundamental\\\/hola-soy-mercedes-barrutia-encantada\\\/#breadcrumb\",\"itemListElement\":[{\"@type\":\"ListItem\",\"position\":1,\"name\":\"Portada\",\"item\":\"https:\\\/\\\/mercedesbarrutia.com\\\/fundamental\\\/\"},{\"@type\":\"ListItem\",\"position\":2,\"name\":\"Hola, soy Mercedes Barrutia, encantada.\"}]},{\"@type\":\"WebSite\",\"@id\":\"https:\\\/\\\/mercedesbarrutia.com\\\/fundamental\\\/#website\",\"url\":\"https:\\\/\\\/mercedesbarrutia.com\\\/fundamental\\\/\",\"name\":\"Formaci\u00f3n Profesional y Educaci\u00f3n Social\",\"description\":\"Formaci\u00f3n profesional &amp; educaci\u00f3n social\",\"publisher\":{\"@id\":\"https:\\\/\\\/mercedesbarrutia.com\\\/fundamental\\\/#\\\/schema\\\/person\\\/9beb311f3633e576fab6de667c16c022\"},\"potentialAction\":[{\"@type\":\"SearchAction\",\"target\":{\"@type\":\"EntryPoint\",\"urlTemplate\":\"https:\\\/\\\/mercedesbarrutia.com\\\/fundamental\\\/?s={search_term_string}\"},\"query-input\":{\"@type\":\"PropertyValueSpecification\",\"valueRequired\":true,\"valueName\":\"search_term_string\"}}],\"inLanguage\":\"es\"},{\"@type\":[\"Person\",\"Organization\"],\"@id\":\"https:\\\/\\\/mercedesbarrutia.com\\\/fundamental\\\/#\\\/schema\\\/person\\\/9beb311f3633e576fab6de667c16c022\",\"name\":\"Formaci\u00f3n Profesional y Educaci\u00f3n Social\",\"image\":{\"@type\":\"ImageObject\",\"inLanguage\":\"es\",\"@id\":\"https:\\\/\\\/mercedesbarrutia.com\\\/fundamental\\\/wp-content\\\/uploads\\\/2025\\\/01\\\/FUNDAMENTAL-LOGOTIPO-03.png\",\"url\":\"https:\\\/\\\/mercedesbarrutia.com\\\/fundamental\\\/wp-content\\\/uploads\\\/2025\\\/01\\\/FUNDAMENTAL-LOGOTIPO-03.png\",\"contentUrl\":\"https:\\\/\\\/mercedesbarrutia.com\\\/fundamental\\\/wp-content\\\/uploads\\\/2025\\\/01\\\/FUNDAMENTAL-LOGOTIPO-03.png\",\"width\":1082,\"height\":686,\"caption\":\"Formaci\u00f3n Profesional y Educaci\u00f3n Social\"},\"logo\":{\"@id\":\"https:\\\/\\\/mercedesbarrutia.com\\\/fundamental\\\/wp-content\\\/uploads\\\/2025\\\/01\\\/FUNDAMENTAL-LOGOTIPO-03.png\"},\"description\":\"Esta p\u00e1gina web es un entorno dedicado a la formaci\u00f3n profesional y a la educaci\u00f3n social a cargo de la comunicadora Mercedes Barrutia.\",\"sameAs\":[\"http:\\\/\\\/mercedesbarrutia.com\\\/fundamental\",\"https:\\\/\\\/www.instagram.com\\\/fundamental_formacion\\\/\",\"https:\\\/\\\/www.linkedin.com\\\/company\\\/fundamental-formacin\\\/\"]}]}<\/script>\n<!-- \/ Yoast SEO plugin. -->","yoast_head_json":{"title":"Hola, soy Mercedes Barrutia, encantada. - Es fundamental","robots":{"index":"index","follow":"follow","max-snippet":"max-snippet:-1","max-image-preview":"max-image-preview:large","max-video-preview":"max-video-preview:-1"},"canonical":"https:\/\/mercedesbarrutia.com\/fundamental\/hola-soy-mercedes-barrutia-encantada\/","og_locale":"es_ES","og_type":"article","og_title":"Hola, soy Mercedes Barrutia, encantada. - Es fundamental","og_description":"\ud83d\ude0aTengo una buena noticia: No voy a abrumarte cont\u00e1ndote que tengo 2 doctorados, 5 m\u00e1steres, [&hellip;]","og_url":"https:\/\/mercedesbarrutia.com\/fundamental\/hola-soy-mercedes-barrutia-encantada\/","og_site_name":"Es fundamental","article_modified_time":"2026-04-29T14:00:05+00:00","og_image":[{"width":683,"height":1024,"url":"https:\/\/mercedesbarrutia.com\/fundamental\/wp-content\/uploads\/2023\/04\/mercedes33de63-683x1024.png","type":"image\/png"}],"twitter_card":"summary_large_image","twitter_misc":{"Tiempo de lectura":"2 minutos"},"schema":{"@context":"https:\/\/schema.org","@graph":[{"@type":"WebPage","@id":"https:\/\/mercedesbarrutia.com\/fundamental\/hola-soy-mercedes-barrutia-encantada\/","url":"https:\/\/mercedesbarrutia.com\/fundamental\/hola-soy-mercedes-barrutia-encantada\/","name":"Hola, soy Mercedes Barrutia, encantada. - Es fundamental","isPartOf":{"@id":"https:\/\/mercedesbarrutia.com\/fundamental\/#website"},"primaryImageOfPage":{"@id":"https:\/\/mercedesbarrutia.com\/fundamental\/hola-soy-mercedes-barrutia-encantada\/#primaryimage"},"image":{"@id":"https:\/\/mercedesbarrutia.com\/fundamental\/hola-soy-mercedes-barrutia-encantada\/#primaryimage"},"thumbnailUrl":"https:\/\/mercedesbarrutia.com\/fundamental\/wp-content\/uploads\/2023\/04\/mercedes33de63-scaled.png","datePublished":"2023-06-02T10:29:59+00:00","dateModified":"2026-04-29T14:00:05+00:00","breadcrumb":{"@id":"https:\/\/mercedesbarrutia.com\/fundamental\/hola-soy-mercedes-barrutia-encantada\/#breadcrumb"},"inLanguage":"es","potentialAction":[{"@type":"ReadAction","target":["https:\/\/mercedesbarrutia.com\/fundamental\/hola-soy-mercedes-barrutia-encantada\/"]}]},{"@type":"ImageObject","inLanguage":"es","@id":"https:\/\/mercedesbarrutia.com\/fundamental\/hola-soy-mercedes-barrutia-encantada\/#primaryimage","url":"https:\/\/mercedesbarrutia.com\/fundamental\/wp-content\/uploads\/2023\/04\/mercedes33de63-scaled.png","contentUrl":"https:\/\/mercedesbarrutia.com\/fundamental\/wp-content\/uploads\/2023\/04\/mercedes33de63-scaled.png","width":1707,"height":2560},{"@type":"BreadcrumbList","@id":"https:\/\/mercedesbarrutia.com\/fundamental\/hola-soy-mercedes-barrutia-encantada\/#breadcrumb","itemListElement":[{"@type":"ListItem","position":1,"name":"Portada","item":"https:\/\/mercedesbarrutia.com\/fundamental\/"},{"@type":"ListItem","position":2,"name":"Hola, soy Mercedes Barrutia, encantada."}]},{"@type":"WebSite","@id":"https:\/\/mercedesbarrutia.com\/fundamental\/#website","url":"https:\/\/mercedesbarrutia.com\/fundamental\/","name":"Formaci\u00f3n Profesional y Educaci\u00f3n Social","description":"Formaci\u00f3n profesional &amp; educaci\u00f3n social","publisher":{"@id":"https:\/\/mercedesbarrutia.com\/fundamental\/#\/schema\/person\/9beb311f3633e576fab6de667c16c022"},"potentialAction":[{"@type":"SearchAction","target":{"@type":"EntryPoint","urlTemplate":"https:\/\/mercedesbarrutia.com\/fundamental\/?s={search_term_string}"},"query-input":{"@type":"PropertyValueSpecification","valueRequired":true,"valueName":"search_term_string"}}],"inLanguage":"es"},{"@type":["Person","Organization"],"@id":"https:\/\/mercedesbarrutia.com\/fundamental\/#\/schema\/person\/9beb311f3633e576fab6de667c16c022","name":"Formaci\u00f3n Profesional y Educaci\u00f3n Social","image":{"@type":"ImageObject","inLanguage":"es","@id":"https:\/\/mercedesbarrutia.com\/fundamental\/wp-content\/uploads\/2025\/01\/FUNDAMENTAL-LOGOTIPO-03.png","url":"https:\/\/mercedesbarrutia.com\/fundamental\/wp-content\/uploads\/2025\/01\/FUNDAMENTAL-LOGOTIPO-03.png","contentUrl":"https:\/\/mercedesbarrutia.com\/fundamental\/wp-content\/uploads\/2025\/01\/FUNDAMENTAL-LOGOTIPO-03.png","width":1082,"height":686,"caption":"Formaci\u00f3n Profesional y Educaci\u00f3n Social"},"logo":{"@id":"https:\/\/mercedesbarrutia.com\/fundamental\/wp-content\/uploads\/2025\/01\/FUNDAMENTAL-LOGOTIPO-03.png"},"description":"Esta p\u00e1gina web es un entorno dedicado a la formaci\u00f3n profesional y a la educaci\u00f3n social a cargo de la comunicadora Mercedes Barrutia.","sameAs":["http:\/\/mercedesbarrutia.com\/fundamental","https:\/\/www.instagram.com\/fundamental_formacion\/","https:\/\/www.linkedin.com\/company\/fundamental-formacin\/"]}]}},"uagb_featured_image_src":{"full":false,"thumbnail":false,"medium":false,"medium_large":false,"large":false,"1536x1536":false,"2048x2048":false},"uagb_author_info":{"display_name":"Formaci\u00f3n Profesional y Educaci\u00f3n Social","author_link":"https:\/\/mercedesbarrutia.com\/fundamental\/author\/admin-2\/"},"uagb_comment_info":0,"uagb_excerpt":"\ud83d\ude0aTengo una buena noticia: No voy a abrumarte cont\u00e1ndote que tengo 2 doctorados, 5 m\u00e1steres, [&hellip;]","jetpack_sharing_enabled":true,"_links":{"self":[{"href":"https:\/\/mercedesbarrutia.com\/fundamental\/wp-json\/wp\/v2\/pages\/76","targetHints":{"allow":["GET"]}}],"collection":[{"href":"https:\/\/mercedesbarrutia.com\/fundamental\/wp-json\/wp\/v2\/pages"}],"about":[{"href":"https:\/\/mercedesbarrutia.com\/fundamental\/wp-json\/wp\/v2\/types\/page"}],"author":[{"embeddable":true,"href":"https:\/\/mercedesbarrutia.com\/fundamental\/wp-json\/wp\/v2\/users\/2"}],"replies":[{"embeddable":true,"href":"https:\/\/mercedesbarrutia.com\/fundamental\/wp-json\/wp\/v2\/comments?post=76"}],"version-history":[{"count":8,"href":"https:\/\/mercedesbarrutia.com\/fundamental\/wp-json\/wp\/v2\/pages\/76\/revisions"}],"predecessor-version":[{"id":291,"href":"https:\/\/mercedesbarrutia.com\/fundamental\/wp-json\/wp\/v2\/pages\/76\/revisions\/291"}],"wp:attachment":[{"href":"https:\/\/mercedesbarrutia.com\/fundamental\/wp-json\/wp\/v2\/media?parent=76"}],"curies":[{"name":"wp","href":"https:\/\/api.w.org\/{rel}","templated":true}]}}