{"id":307,"date":"2026-04-29T15:07:45","date_gmt":"2026-04-29T15:07:45","guid":{"rendered":"https:\/\/mercedesbarrutia.com\/fundamental\/?page_id=307"},"modified":"2026-04-29T15:17:35","modified_gmt":"2026-04-29T15:17:35","slug":"formacion-y-educacion","status":"publish","type":"page","link":"https:\/\/mercedesbarrutia.com\/fundamental\/formacion-y-educacion\/","title":{"rendered":"Formaci\u00f3n y educaci\u00f3n"},"content":{"rendered":"\n<p>Nuestra Formaci\u00f3n Profesional y Educaci\u00f3n Social ofrecen espacios donde las personas aprenden a comprender mejor su entorno, comunicar con criterio y desarrollar habilidades \u00fatiles para su vida diaria y su futuro laboral. Una propuesta cercana, pr\u00e1ctica y cuidada que ayuda a crecer a quienes participan.<\/p>\n\n\n\n<div style=\"height:17px\" aria-hidden=\"true\" class=\"wp-block-spacer\"><\/div>\n\n\n\n<p>\u00bfC\u00f3mo funcionamos..?<\/p>\n\n\n\n<h2 class=\"wp-block-heading\"><mark style=\"background-color:rgba(0, 0, 0, 0);color:#006600\" class=\"has-inline-color\">Opci\u00f3n 1: Inscr\u00edbete a nuestras \u00e1goras. <\/mark><\/h2>\n\n\n\n<p>Como toda la vida, lanzamos un formaci\u00f3n y, si te interesa, te inscribes.<br>Habr\u00e1 caf\u00e9. O t\u00e9. Y muy buen rollo. <br>Eso s\u00ed, te haremos pensar, ven preparado para darlo todo. <\/p>\n\n\n\n<h2 class=\"wp-block-heading\"><mark style=\"background-color:rgba(0, 0, 0, 0);color:#006600\" class=\"has-inline-color\">Opci\u00f3n 2: Trae tu grupo, te alquilamos una sala <\/mark><\/h2>\n\n\n\n<p>Como suena. \u00bfEres un profesional que quiere impartir una formaci\u00f3n y no tienes el espacio? Av\u00edsanos y lo gestionamos. Tendr\u00e1s una sala con pantalla, sonido y recursos a tu disposici\u00f3n. <\/p>\n\n\n\n<div style=\"height:69px\" aria-hidden=\"true\" class=\"wp-block-spacer\"><\/div>\n\n\n\n<h2 class=\"wp-block-heading\">Cat\u00e1logo de Comunicaci\u00f3n y Humanidades<\/h2>\n\n\n\n<p>Este es nuestro cat\u00e1logo. Si no encuentras lo que buscas, contacta con nosotros y montamos una formaci\u00f3n a tu medida: <\/p>\n\n\n\n<p><strong><mark style=\"background-color:rgba(0, 0, 0, 0);color:#fcd576\" class=\"has-inline-color\">PARA MARCAS<\/mark><\/strong><\/p>\n\n\n\n<figure class=\"wp-block-embed is-type-wp-embed is-provider-es-fundamental wp-block-embed-es-fundamental\"><div class=\"wp-block-embed__wrapper\">\n<blockquote class=\"wp-embedded-content\" data-secret=\"c1T9FayenD\"><a href=\"https:\/\/mercedesbarrutia.com\/fundamental\/comunicacion-y-marketing-para-pequenas-y-medianas-empresas\/\">Comunicaci\u00f3n y  marketing para peque\u00f1as y medianas empresas<\/a><\/blockquote><iframe loading=\"lazy\" class=\"wp-embedded-content\" sandbox=\"allow-scripts\" security=\"restricted\" style=\"position: absolute; visibility: hidden;\" title=\"\u00abComunicaci\u00f3n y  marketing para peque\u00f1as y medianas empresas\u00bb \u2014 Es fundamental\" src=\"https:\/\/mercedesbarrutia.com\/fundamental\/comunicacion-y-marketing-para-pequenas-y-medianas-empresas\/embed\/#?secret=P6lPJC60ut#?secret=c1T9FayenD\" data-secret=\"c1T9FayenD\" width=\"500\" height=\"282\" frameborder=\"0\" marginwidth=\"0\" marginheight=\"0\" scrolling=\"no\"><\/iframe>\n<\/div><\/figure>\n\n\n\n<figure class=\"wp-block-embed is-type-wp-embed is-provider-es-fundamental wp-block-embed-es-fundamental\"><div class=\"wp-block-embed__wrapper\">\n<blockquote class=\"wp-embedded-content\" data-secret=\"YuBmPRDLpi\"><a href=\"https:\/\/mercedesbarrutia.com\/fundamental\/ia-para-creadores-de-contenido\/\">IA para creadores de contenido<\/a><\/blockquote><iframe loading=\"lazy\" class=\"wp-embedded-content\" sandbox=\"allow-scripts\" security=\"restricted\" style=\"position: absolute; visibility: hidden;\" title=\"\u00abIA para creadores de contenido\u00bb \u2014 Es fundamental\" src=\"https:\/\/mercedesbarrutia.com\/fundamental\/ia-para-creadores-de-contenido\/embed\/#?secret=TIS1B3kkjY#?secret=YuBmPRDLpi\" data-secret=\"YuBmPRDLpi\" width=\"500\" height=\"282\" frameborder=\"0\" marginwidth=\"0\" marginheight=\"0\" scrolling=\"no\"><\/iframe>\n<\/div><\/figure>\n\n\n\n<figure class=\"wp-block-embed is-type-wp-embed is-provider-es-fundamental wp-block-embed-es-fundamental\"><div class=\"wp-block-embed__wrapper\">\n<blockquote class=\"wp-embedded-content\" data-secret=\"bxCCmy0ANS\"><a href=\"https:\/\/mercedesbarrutia.com\/fundamental\/imagen-y-comunicacion-de-marca\/\">Imagen y comunicaci\u00f3n de marca<\/a><\/blockquote><iframe loading=\"lazy\" class=\"wp-embedded-content\" sandbox=\"allow-scripts\" security=\"restricted\" style=\"position: absolute; visibility: hidden;\" title=\"\u00abImagen y comunicaci\u00f3n de marca\u00bb \u2014 Es fundamental\" src=\"https:\/\/mercedesbarrutia.com\/fundamental\/imagen-y-comunicacion-de-marca\/embed\/#?secret=gdxddUwPUC#?secret=bxCCmy0ANS\" data-secret=\"bxCCmy0ANS\" width=\"500\" height=\"282\" frameborder=\"0\" marginwidth=\"0\" marginheight=\"0\" scrolling=\"no\"><\/iframe>\n<\/div><\/figure>\n\n\n\n<figure class=\"wp-block-embed is-type-wp-embed is-provider-es-fundamental wp-block-embed-es-fundamental\"><div class=\"wp-block-embed__wrapper\">\n<blockquote class=\"wp-embedded-content\" data-secret=\"bwcmNuTxBj\"><a href=\"https:\/\/mercedesbarrutia.com\/fundamental\/podcast-para-marcas-y-creadores-de-contenido\/\">Podcast para marcas y creadores de contenido<\/a><\/blockquote><iframe loading=\"lazy\" class=\"wp-embedded-content\" sandbox=\"allow-scripts\" security=\"restricted\" style=\"position: absolute; visibility: hidden;\" title=\"\u00abPodcast para marcas y creadores de contenido\u00bb \u2014 Es fundamental\" src=\"https:\/\/mercedesbarrutia.com\/fundamental\/podcast-para-marcas-y-creadores-de-contenido\/embed\/#?secret=DaHhMnaXpE#?secret=bwcmNuTxBj\" data-secret=\"bwcmNuTxBj\" width=\"500\" height=\"282\" frameborder=\"0\" marginwidth=\"0\" marginheight=\"0\" scrolling=\"no\"><\/iframe>\n<\/div><\/figure>\n\n\n\n<figure class=\"wp-block-embed is-type-wp-embed is-provider-es-fundamental wp-block-embed-es-fundamental\"><div class=\"wp-block-embed__wrapper\">\n<blockquote class=\"wp-embedded-content\" data-secret=\"vZuVk0I2Yo\"><a href=\"https:\/\/mercedesbarrutia.com\/fundamental\/redaccion-para-comunicar\/\">Redacci\u00f3n para comunicar<\/a><\/blockquote><iframe loading=\"lazy\" class=\"wp-embedded-content\" sandbox=\"allow-scripts\" security=\"restricted\" style=\"position: absolute; visibility: hidden;\" title=\"\u00abRedacci\u00f3n para comunicar\u00bb \u2014 Es fundamental\" src=\"https:\/\/mercedesbarrutia.com\/fundamental\/redaccion-para-comunicar\/embed\/#?secret=CYbYQp4C9X#?secret=vZuVk0I2Yo\" data-secret=\"vZuVk0I2Yo\" width=\"500\" height=\"282\" frameborder=\"0\" marginwidth=\"0\" marginheight=\"0\" scrolling=\"no\"><\/iframe>\n<\/div><\/figure>\n\n\n\n<figure class=\"wp-block-embed is-type-wp-embed is-provider-es-fundamental wp-block-embed-es-fundamental\"><div class=\"wp-block-embed__wrapper\">\n<blockquote class=\"wp-embedded-content\" data-secret=\"9C93kY7XQk\"><a href=\"https:\/\/mercedesbarrutia.com\/fundamental\/educacion-digital-para-docentes\/\">Educaci\u00f3n digital para docentes<\/a><\/blockquote><iframe loading=\"lazy\" class=\"wp-embedded-content\" sandbox=\"allow-scripts\" security=\"restricted\" style=\"position: absolute; visibility: hidden;\" title=\"\u00abEducaci\u00f3n digital para docentes\u00bb \u2014 Es fundamental\" src=\"https:\/\/mercedesbarrutia.com\/fundamental\/educacion-digital-para-docentes\/embed\/#?secret=2TiHKEvPhx#?secret=9C93kY7XQk\" data-secret=\"9C93kY7XQk\" width=\"500\" height=\"282\" frameborder=\"0\" marginwidth=\"0\" marginheight=\"0\" scrolling=\"no\"><\/iframe>\n<\/div><\/figure>\n\n\n\n<p><mark style=\"background-color:rgba(0, 0, 0, 0);color:#fcd576\" class=\"has-inline-color\"><strong>PARA PENSAR  Y DEBATIR (MAYORES)<\/strong><\/mark><\/p>\n\n\n\n<figure class=\"wp-block-embed is-type-wp-embed is-provider-es-fundamental wp-block-embed-es-fundamental\"><div class=\"wp-block-embed__wrapper\">\n<blockquote class=\"wp-embedded-content\" data-secret=\"cXnWsygk1e\"><a href=\"https:\/\/mercedesbarrutia.com\/fundamental\/alfabetizacion-de-publico-adulto\/\">Alfabetizaci\u00f3n de p\u00fablico adulto<\/a><\/blockquote><iframe loading=\"lazy\" class=\"wp-embedded-content\" sandbox=\"allow-scripts\" security=\"restricted\" style=\"position: absolute; visibility: hidden;\" title=\"\u00abAlfabetizaci\u00f3n de p\u00fablico adulto\u00bb \u2014 Es fundamental\" src=\"https:\/\/mercedesbarrutia.com\/fundamental\/alfabetizacion-de-publico-adulto\/embed\/#?secret=ejoG6h6TPb#?secret=cXnWsygk1e\" data-secret=\"cXnWsygk1e\" width=\"500\" height=\"282\" frameborder=\"0\" marginwidth=\"0\" marginheight=\"0\" scrolling=\"no\"><\/iframe>\n<\/div><\/figure>\n\n\n\n<figure class=\"wp-block-embed is-type-wp-embed is-provider-es-fundamental wp-block-embed-es-fundamental\"><div class=\"wp-block-embed__wrapper\">\n<blockquote class=\"wp-embedded-content\" data-secret=\"1BGPHKx3st\"><a href=\"https:\/\/mercedesbarrutia.com\/fundamental\/cultura-visual-para-saber-leer\/\">Cultura visual para saber leer<\/a><\/blockquote><iframe loading=\"lazy\" class=\"wp-embedded-content\" sandbox=\"allow-scripts\" security=\"restricted\" style=\"position: absolute; visibility: hidden;\" title=\"\u00abCultura visual para saber leer\u00bb \u2014 Es fundamental\" src=\"https:\/\/mercedesbarrutia.com\/fundamental\/cultura-visual-para-saber-leer\/embed\/#?secret=tbyjdCNmDr#?secret=1BGPHKx3st\" data-secret=\"1BGPHKx3st\" width=\"500\" height=\"282\" frameborder=\"0\" marginwidth=\"0\" marginheight=\"0\" scrolling=\"no\"><\/iframe>\n<\/div><\/figure>\n\n\n\n<p><mark style=\"background-color:rgba(0, 0, 0, 0);color:#fcd576\" class=\"has-inline-color\"><strong>FEMINISTAS: \u00a1VIVA LA IGUALDAD ENTRE PERSONAS!<\/strong><\/mark><\/p>\n\n\n\n<figure class=\"wp-block-embed is-type-wp-embed is-provider-es-fundamental wp-block-embed-es-fundamental\"><div class=\"wp-block-embed__wrapper\">\n<blockquote class=\"wp-embedded-content\" data-secret=\"imNTMU0i96\"><a href=\"https:\/\/mercedesbarrutia.com\/fundamental\/9-mentiras-sobre-feminismo-que-deberias-conocer\/\">9 mentiras sobre feminismo que deber\u00edas conocer<\/a><\/blockquote><iframe loading=\"lazy\" class=\"wp-embedded-content\" sandbox=\"allow-scripts\" security=\"restricted\" style=\"position: absolute; visibility: hidden;\" title=\"\u00ab9 mentiras sobre feminismo que deber\u00edas conocer\u00bb \u2014 Es fundamental\" src=\"https:\/\/mercedesbarrutia.com\/fundamental\/9-mentiras-sobre-feminismo-que-deberias-conocer\/embed\/#?secret=mtGkR7ItCc#?secret=imNTMU0i96\" data-secret=\"imNTMU0i96\" width=\"500\" height=\"282\" frameborder=\"0\" marginwidth=\"0\" marginheight=\"0\" scrolling=\"no\"><\/iframe>\n<\/div><\/figure>\n\n\n\n<figure class=\"wp-block-embed is-type-wp-embed is-provider-es-fundamental wp-block-embed-es-fundamental\"><div class=\"wp-block-embed__wrapper\">\n<blockquote class=\"wp-embedded-content\" data-secret=\"0tDhvJ2axS\"><a href=\"https:\/\/mercedesbarrutia.com\/fundamental\/la-abuela-pepa-tenia-pito\/\">La abuela Pepa ten\u00eda pito<\/a><\/blockquote><iframe loading=\"lazy\" class=\"wp-embedded-content\" sandbox=\"allow-scripts\" security=\"restricted\" style=\"position: absolute; visibility: hidden;\" title=\"\u00abLa abuela Pepa ten\u00eda pito\u00bb \u2014 Es fundamental\" src=\"https:\/\/mercedesbarrutia.com\/fundamental\/la-abuela-pepa-tenia-pito\/embed\/#?secret=TwXsSN02BC#?secret=0tDhvJ2axS\" data-secret=\"0tDhvJ2axS\" width=\"500\" height=\"282\" frameborder=\"0\" marginwidth=\"0\" marginheight=\"0\" scrolling=\"no\"><\/iframe>\n<\/div><\/figure>\n\n\n\n<figure class=\"wp-block-embed is-type-wp-embed is-provider-es-fundamental wp-block-embed-es-fundamental\"><div class=\"wp-block-embed__wrapper\">\n<blockquote class=\"wp-embedded-content\" data-secret=\"TSYphiNfqD\"><a href=\"https:\/\/mercedesbarrutia.com\/fundamental\/erase-una-vez-pero-ya-no-2\/\">\u00c9rase una vez&#8230; \u00a1pero ya no!<\/a><\/blockquote><iframe loading=\"lazy\" class=\"wp-embedded-content\" sandbox=\"allow-scripts\" security=\"restricted\" style=\"position: absolute; visibility: hidden;\" title=\"\u00ab\u00c9rase una vez&#8230; \u00a1pero ya no!\u00bb \u2014 Es fundamental\" src=\"https:\/\/mercedesbarrutia.com\/fundamental\/erase-una-vez-pero-ya-no-2\/embed\/#?secret=hb1u1AZ1QR#?secret=TSYphiNfqD\" data-secret=\"TSYphiNfqD\" width=\"500\" height=\"282\" frameborder=\"0\" marginwidth=\"0\" marginheight=\"0\" scrolling=\"no\"><\/iframe>\n<\/div><\/figure>\n\n\n\n<figure class=\"wp-block-embed is-type-wp-embed is-provider-es-fundamental wp-block-embed-es-fundamental\"><div class=\"wp-block-embed__wrapper\">\n<blockquote class=\"wp-embedded-content\" data-secret=\"Lh9k3YYu9v\"><a href=\"https:\/\/mercedesbarrutia.com\/fundamental\/podcast-por-la-igualdad\/\">Podcast por la igualdad<\/a><\/blockquote><iframe loading=\"lazy\" class=\"wp-embedded-content\" sandbox=\"allow-scripts\" security=\"restricted\" style=\"position: absolute; visibility: hidden;\" title=\"\u00abPodcast por la igualdad\u00bb \u2014 Es fundamental\" src=\"https:\/\/mercedesbarrutia.com\/fundamental\/podcast-por-la-igualdad\/embed\/#?secret=ieonsKngeS#?secret=Lh9k3YYu9v\" data-secret=\"Lh9k3YYu9v\" width=\"500\" height=\"282\" frameborder=\"0\" marginwidth=\"0\" marginheight=\"0\" scrolling=\"no\"><\/iframe>\n<\/div><\/figure>\n\n\n\n<p><mark style=\"background-color:rgba(0, 0, 0, 0);color:#fcd576\" class=\"has-inline-color\"><strong>SOCIEDAD <\/strong><\/mark><\/p>\n\n\n\n<figure class=\"wp-block-embed is-type-wp-embed is-provider-es-fundamental wp-block-embed-es-fundamental\"><div class=\"wp-block-embed__wrapper\">\n<blockquote class=\"wp-embedded-content\" data-secret=\"JMdYTbHDit\"><a href=\"https:\/\/mercedesbarrutia.com\/fundamental\/evolucion-de-la-legislacion-de-extranjeria-en-la-prensa-historia-de-una-sociedad\/\">Evoluci\u00f3n de la legislaci\u00f3n de extranjer\u00eda en la prensa: historia de una sociedad<\/a><\/blockquote><iframe loading=\"lazy\" class=\"wp-embedded-content\" sandbox=\"allow-scripts\" security=\"restricted\" style=\"position: absolute; visibility: hidden;\" title=\"\u00abEvoluci\u00f3n de la legislaci\u00f3n de extranjer\u00eda en la prensa: historia de una sociedad\u00bb \u2014 Es fundamental\" src=\"https:\/\/mercedesbarrutia.com\/fundamental\/evolucion-de-la-legislacion-de-extranjeria-en-la-prensa-historia-de-una-sociedad\/embed\/#?secret=VpKQzcSIx0#?secret=JMdYTbHDit\" data-secret=\"JMdYTbHDit\" width=\"500\" height=\"282\" frameborder=\"0\" marginwidth=\"0\" marginheight=\"0\" scrolling=\"no\"><\/iframe>\n<\/div><\/figure>\n\n\n\n<figure class=\"wp-block-embed is-type-wp-embed is-provider-es-fundamental wp-block-embed-es-fundamental\"><div class=\"wp-block-embed__wrapper\">\n<blockquote class=\"wp-embedded-content\" data-secret=\"F5gT3mfMDZ\"><a href=\"https:\/\/mercedesbarrutia.com\/fundamental\/nuevas-narrativas-periodisticas-para-hablar-de-extranjeria\/\">Nuevas narrativas period\u00edsticas para hablar de extranjer\u00eda<\/a><\/blockquote><iframe loading=\"lazy\" class=\"wp-embedded-content\" sandbox=\"allow-scripts\" security=\"restricted\" style=\"position: absolute; visibility: hidden;\" title=\"\u00abNuevas narrativas period\u00edsticas para hablar de extranjer\u00eda\u00bb \u2014 Es fundamental\" src=\"https:\/\/mercedesbarrutia.com\/fundamental\/nuevas-narrativas-periodisticas-para-hablar-de-extranjeria\/embed\/#?secret=bTpg880Sy6#?secret=F5gT3mfMDZ\" data-secret=\"F5gT3mfMDZ\" width=\"500\" height=\"282\" frameborder=\"0\" marginwidth=\"0\" marginheight=\"0\" scrolling=\"no\"><\/iframe>\n<\/div><\/figure>\n","protected":false},"excerpt":{"rendered":"<p>Nuestra Formaci\u00f3n Profesional y Educaci\u00f3n Social ofrecen espacios donde las personas aprenden a comprender mejor [&hellip;]<\/p>\n","protected":false},"author":2,"featured_media":0,"parent":0,"menu_order":0,"comment_status":"closed","ping_status":"closed","template":"","meta":{"_uag_custom_page_level_css":"","footnotes":""},"class_list":["post-307","page","type-page","status-publish","hentry"],"yoast_head":"<!-- This site is optimized with the Yoast SEO plugin v27.5 - https:\/\/yoast.com\/product\/yoast-seo-wordpress\/ -->\n<title>Formaci\u00f3n y educaci\u00f3n - Es fundamental<\/title>\n<meta name=\"description\" content=\"C\u00f3mo funciona la formaci\u00f3n y educaci\u00f3n de Mercedes Barrutia. Cat\u00e1logo de formaciones, y si no encuentras lo que buscas, \u00a1lo creamos!\" \/>\n<meta name=\"robots\" content=\"index, follow, max-snippet:-1, max-image-preview:large, max-video-preview:-1\" \/>\n<link rel=\"canonical\" href=\"https:\/\/mercedesbarrutia.com\/fundamental\/formacion-y-educacion\/\" \/>\n<meta property=\"og:locale\" content=\"es_ES\" \/>\n<meta property=\"og:type\" content=\"article\" \/>\n<meta property=\"og:title\" content=\"Formaci\u00f3n y educaci\u00f3n - Es fundamental\" \/>\n<meta property=\"og:description\" content=\"C\u00f3mo funciona la formaci\u00f3n y educaci\u00f3n de Mercedes Barrutia. Cat\u00e1logo de formaciones, y si no encuentras lo que buscas, \u00a1lo creamos!\" \/>\n<meta property=\"og:url\" content=\"https:\/\/mercedesbarrutia.com\/fundamental\/formacion-y-educacion\/\" \/>\n<meta property=\"og:site_name\" content=\"Es fundamental\" \/>\n<meta property=\"article:modified_time\" content=\"2026-04-29T15:17:35+00:00\" \/>\n<meta name=\"twitter:card\" content=\"summary_large_image\" \/>\n<meta name=\"twitter:label1\" content=\"Tiempo de lectura\" \/>\n\t<meta name=\"twitter:data1\" content=\"1 minuto\" \/>\n<script type=\"application\/ld+json\" class=\"yoast-schema-graph\">{\"@context\":\"https:\\\/\\\/schema.org\",\"@graph\":[{\"@type\":\"WebPage\",\"@id\":\"https:\\\/\\\/mercedesbarrutia.com\\\/fundamental\\\/formacion-y-educacion\\\/\",\"url\":\"https:\\\/\\\/mercedesbarrutia.com\\\/fundamental\\\/formacion-y-educacion\\\/\",\"name\":\"Formaci\u00f3n y educaci\u00f3n - Es fundamental\",\"isPartOf\":{\"@id\":\"https:\\\/\\\/mercedesbarrutia.com\\\/fundamental\\\/#website\"},\"datePublished\":\"2026-04-29T15:07:45+00:00\",\"dateModified\":\"2026-04-29T15:17:35+00:00\",\"description\":\"C\u00f3mo funciona la formaci\u00f3n y educaci\u00f3n de Mercedes Barrutia. Cat\u00e1logo de formaciones, y si no encuentras lo que buscas, \u00a1lo creamos!\",\"breadcrumb\":{\"@id\":\"https:\\\/\\\/mercedesbarrutia.com\\\/fundamental\\\/formacion-y-educacion\\\/#breadcrumb\"},\"inLanguage\":\"es\",\"potentialAction\":[{\"@type\":\"ReadAction\",\"target\":[\"https:\\\/\\\/mercedesbarrutia.com\\\/fundamental\\\/formacion-y-educacion\\\/\"]}]},{\"@type\":\"BreadcrumbList\",\"@id\":\"https:\\\/\\\/mercedesbarrutia.com\\\/fundamental\\\/formacion-y-educacion\\\/#breadcrumb\",\"itemListElement\":[{\"@type\":\"ListItem\",\"position\":1,\"name\":\"Portada\",\"item\":\"https:\\\/\\\/mercedesbarrutia.com\\\/fundamental\\\/\"},{\"@type\":\"ListItem\",\"position\":2,\"name\":\"Formaci\u00f3n y educaci\u00f3n\"}]},{\"@type\":\"WebSite\",\"@id\":\"https:\\\/\\\/mercedesbarrutia.com\\\/fundamental\\\/#website\",\"url\":\"https:\\\/\\\/mercedesbarrutia.com\\\/fundamental\\\/\",\"name\":\"Formaci\u00f3n Profesional y Educaci\u00f3n Social\",\"description\":\"Formaci\u00f3n profesional &amp; educaci\u00f3n social\",\"publisher\":{\"@id\":\"https:\\\/\\\/mercedesbarrutia.com\\\/fundamental\\\/#\\\/schema\\\/person\\\/9beb311f3633e576fab6de667c16c022\"},\"potentialAction\":[{\"@type\":\"SearchAction\",\"target\":{\"@type\":\"EntryPoint\",\"urlTemplate\":\"https:\\\/\\\/mercedesbarrutia.com\\\/fundamental\\\/?s={search_term_string}\"},\"query-input\":{\"@type\":\"PropertyValueSpecification\",\"valueRequired\":true,\"valueName\":\"search_term_string\"}}],\"inLanguage\":\"es\"},{\"@type\":[\"Person\",\"Organization\"],\"@id\":\"https:\\\/\\\/mercedesbarrutia.com\\\/fundamental\\\/#\\\/schema\\\/person\\\/9beb311f3633e576fab6de667c16c022\",\"name\":\"Formaci\u00f3n Profesional y Educaci\u00f3n Social\",\"image\":{\"@type\":\"ImageObject\",\"inLanguage\":\"es\",\"@id\":\"https:\\\/\\\/mercedesbarrutia.com\\\/fundamental\\\/wp-content\\\/uploads\\\/2025\\\/01\\\/FUNDAMENTAL-LOGOTIPO-03.png\",\"url\":\"https:\\\/\\\/mercedesbarrutia.com\\\/fundamental\\\/wp-content\\\/uploads\\\/2025\\\/01\\\/FUNDAMENTAL-LOGOTIPO-03.png\",\"contentUrl\":\"https:\\\/\\\/mercedesbarrutia.com\\\/fundamental\\\/wp-content\\\/uploads\\\/2025\\\/01\\\/FUNDAMENTAL-LOGOTIPO-03.png\",\"width\":1082,\"height\":686,\"caption\":\"Formaci\u00f3n Profesional y Educaci\u00f3n Social\"},\"logo\":{\"@id\":\"https:\\\/\\\/mercedesbarrutia.com\\\/fundamental\\\/wp-content\\\/uploads\\\/2025\\\/01\\\/FUNDAMENTAL-LOGOTIPO-03.png\"},\"description\":\"Esta p\u00e1gina web es un entorno dedicado a la formaci\u00f3n profesional y a la educaci\u00f3n social a cargo de la comunicadora Mercedes Barrutia.\",\"sameAs\":[\"http:\\\/\\\/mercedesbarrutia.com\\\/fundamental\",\"https:\\\/\\\/www.instagram.com\\\/fundamental_formacion\\\/\",\"https:\\\/\\\/www.linkedin.com\\\/company\\\/fundamental-formacin\\\/\"]}]}<\/script>\n<!-- \/ Yoast SEO plugin. -->","yoast_head_json":{"title":"Formaci\u00f3n y educaci\u00f3n - Es fundamental","description":"C\u00f3mo funciona la formaci\u00f3n y educaci\u00f3n de Mercedes Barrutia. Cat\u00e1logo de formaciones, y si no encuentras lo que buscas, \u00a1lo creamos!","robots":{"index":"index","follow":"follow","max-snippet":"max-snippet:-1","max-image-preview":"max-image-preview:large","max-video-preview":"max-video-preview:-1"},"canonical":"https:\/\/mercedesbarrutia.com\/fundamental\/formacion-y-educacion\/","og_locale":"es_ES","og_type":"article","og_title":"Formaci\u00f3n y educaci\u00f3n - Es fundamental","og_description":"C\u00f3mo funciona la formaci\u00f3n y educaci\u00f3n de Mercedes Barrutia. Cat\u00e1logo de formaciones, y si no encuentras lo que buscas, \u00a1lo creamos!","og_url":"https:\/\/mercedesbarrutia.com\/fundamental\/formacion-y-educacion\/","og_site_name":"Es fundamental","article_modified_time":"2026-04-29T15:17:35+00:00","twitter_card":"summary_large_image","twitter_misc":{"Tiempo de lectura":"1 minuto"},"schema":{"@context":"https:\/\/schema.org","@graph":[{"@type":"WebPage","@id":"https:\/\/mercedesbarrutia.com\/fundamental\/formacion-y-educacion\/","url":"https:\/\/mercedesbarrutia.com\/fundamental\/formacion-y-educacion\/","name":"Formaci\u00f3n y educaci\u00f3n - Es fundamental","isPartOf":{"@id":"https:\/\/mercedesbarrutia.com\/fundamental\/#website"},"datePublished":"2026-04-29T15:07:45+00:00","dateModified":"2026-04-29T15:17:35+00:00","description":"C\u00f3mo funciona la formaci\u00f3n y educaci\u00f3n de Mercedes Barrutia. Cat\u00e1logo de formaciones, y si no encuentras lo que buscas, \u00a1lo creamos!","breadcrumb":{"@id":"https:\/\/mercedesbarrutia.com\/fundamental\/formacion-y-educacion\/#breadcrumb"},"inLanguage":"es","potentialAction":[{"@type":"ReadAction","target":["https:\/\/mercedesbarrutia.com\/fundamental\/formacion-y-educacion\/"]}]},{"@type":"BreadcrumbList","@id":"https:\/\/mercedesbarrutia.com\/fundamental\/formacion-y-educacion\/#breadcrumb","itemListElement":[{"@type":"ListItem","position":1,"name":"Portada","item":"https:\/\/mercedesbarrutia.com\/fundamental\/"},{"@type":"ListItem","position":2,"name":"Formaci\u00f3n y educaci\u00f3n"}]},{"@type":"WebSite","@id":"https:\/\/mercedesbarrutia.com\/fundamental\/#website","url":"https:\/\/mercedesbarrutia.com\/fundamental\/","name":"Formaci\u00f3n Profesional y Educaci\u00f3n Social","description":"Formaci\u00f3n profesional &amp; educaci\u00f3n social","publisher":{"@id":"https:\/\/mercedesbarrutia.com\/fundamental\/#\/schema\/person\/9beb311f3633e576fab6de667c16c022"},"potentialAction":[{"@type":"SearchAction","target":{"@type":"EntryPoint","urlTemplate":"https:\/\/mercedesbarrutia.com\/fundamental\/?s={search_term_string}"},"query-input":{"@type":"PropertyValueSpecification","valueRequired":true,"valueName":"search_term_string"}}],"inLanguage":"es"},{"@type":["Person","Organization"],"@id":"https:\/\/mercedesbarrutia.com\/fundamental\/#\/schema\/person\/9beb311f3633e576fab6de667c16c022","name":"Formaci\u00f3n Profesional y Educaci\u00f3n Social","image":{"@type":"ImageObject","inLanguage":"es","@id":"https:\/\/mercedesbarrutia.com\/fundamental\/wp-content\/uploads\/2025\/01\/FUNDAMENTAL-LOGOTIPO-03.png","url":"https:\/\/mercedesbarrutia.com\/fundamental\/wp-content\/uploads\/2025\/01\/FUNDAMENTAL-LOGOTIPO-03.png","contentUrl":"https:\/\/mercedesbarrutia.com\/fundamental\/wp-content\/uploads\/2025\/01\/FUNDAMENTAL-LOGOTIPO-03.png","width":1082,"height":686,"caption":"Formaci\u00f3n Profesional y Educaci\u00f3n Social"},"logo":{"@id":"https:\/\/mercedesbarrutia.com\/fundamental\/wp-content\/uploads\/2025\/01\/FUNDAMENTAL-LOGOTIPO-03.png"},"description":"Esta p\u00e1gina web es un entorno dedicado a la formaci\u00f3n profesional y a la educaci\u00f3n social a cargo de la comunicadora Mercedes Barrutia.","sameAs":["http:\/\/mercedesbarrutia.com\/fundamental","https:\/\/www.instagram.com\/fundamental_formacion\/","https:\/\/www.linkedin.com\/company\/fundamental-formacin\/"]}]}},"uagb_featured_image_src":{"full":false,"thumbnail":false,"medium":false,"medium_large":false,"large":false,"1536x1536":false,"2048x2048":false},"uagb_author_info":{"display_name":"Formaci\u00f3n Profesional y Educaci\u00f3n Social","author_link":"https:\/\/mercedesbarrutia.com\/fundamental\/author\/admin-2\/"},"uagb_comment_info":0,"uagb_excerpt":"Nuestra Formaci\u00f3n Profesional y Educaci\u00f3n Social ofrecen espacios donde las personas aprenden a comprender mejor [&hellip;]","jetpack_sharing_enabled":true,"_links":{"self":[{"href":"https:\/\/mercedesbarrutia.com\/fundamental\/wp-json\/wp\/v2\/pages\/307","targetHints":{"allow":["GET"]}}],"collection":[{"href":"https:\/\/mercedesbarrutia.com\/fundamental\/wp-json\/wp\/v2\/pages"}],"about":[{"href":"https:\/\/mercedesbarrutia.com\/fundamental\/wp-json\/wp\/v2\/types\/page"}],"author":[{"embeddable":true,"href":"https:\/\/mercedesbarrutia.com\/fundamental\/wp-json\/wp\/v2\/users\/2"}],"replies":[{"embeddable":true,"href":"https:\/\/mercedesbarrutia.com\/fundamental\/wp-json\/wp\/v2\/comments?post=307"}],"version-history":[{"count":2,"href":"https:\/\/mercedesbarrutia.com\/fundamental\/wp-json\/wp\/v2\/pages\/307\/revisions"}],"predecessor-version":[{"id":313,"href":"https:\/\/mercedesbarrutia.com\/fundamental\/wp-json\/wp\/v2\/pages\/307\/revisions\/313"}],"wp:attachment":[{"href":"https:\/\/mercedesbarrutia.com\/fundamental\/wp-json\/wp\/v2\/media?parent=307"}],"curies":[{"name":"wp","href":"https:\/\/api.w.org\/{rel}","templated":true}]}}