{"id":248,"date":"2026-04-29T14:28:49","date_gmt":"2026-04-29T14:28:49","guid":{"rendered":"https:\/\/mercedesbarrutia.com\/fundamental\/?page_id=248"},"modified":"2026-04-29T14:28:50","modified_gmt":"2026-04-29T14:28:50","slug":"tarifas","status":"publish","type":"page","link":"https:\/\/mercedesbarrutia.com\/fundamental\/tarifas\/","title":{"rendered":"Tarifas"},"content":{"rendered":"\n<ul class=\"wp-block-list\">\n<li>Puestos fijos y flexibles<\/li>\n\n\n\n<li>Sin permanencia obligatoria<\/li>\n\n\n\n<li>Acceso en horario laboral<\/li>\n\n\n\n<li>Jornada completa y media jornada<\/li>\n\n\n\n<li>Bonos para d\u00edas y horas sueltas<\/li>\n\n\n\n<li>Contrato de alquiler<\/li>\n\n\n\n<li>Precios y tarifas sujetos a modificaciones<\/li>\n\n\n\n<li>Consultar condiciones y normas de uso<\/li>\n<\/ul>\n\n\n\n<div style=\"height:67px\" aria-hidden=\"true\" class=\"wp-block-spacer\"><\/div>\n\n\n\n<p><strong>\ud83e\udde9 1. Tarifas mensuales<\/strong>*<\/p>\n\n\n\n<figure class=\"wp-block-image size-full\"><img loading=\"lazy\" decoding=\"async\" width=\"967\" height=\"707\" src=\"https:\/\/mercedesbarrutia.com\/fundamental\/wp-content\/uploads\/2026\/04\/image.png\" alt=\"\" class=\"wp-image-250\" srcset=\"https:\/\/mercedesbarrutia.com\/fundamental\/wp-content\/uploads\/2026\/04\/image.png 967w, https:\/\/mercedesbarrutia.com\/fundamental\/wp-content\/uploads\/2026\/04\/image-300x219.png 300w, https:\/\/mercedesbarrutia.com\/fundamental\/wp-content\/uploads\/2026\/04\/image-768x562.png 768w\" sizes=\"auto, (max-width: 967px) 100vw, 967px\" \/><\/figure>\n\n\n\n<div style=\"height:100px\" aria-hidden=\"true\" class=\"wp-block-spacer\"><\/div>\n\n\n\n<p><strong>\ud83e\udde9 2. Tarifas por d\u00edas<\/strong> <strong>(siempre bajo disponibilidad)<\/strong>*<\/p>\n\n\n\n<figure class=\"wp-block-image size-full\"><img loading=\"lazy\" decoding=\"async\" width=\"970\" height=\"275\" src=\"https:\/\/mercedesbarrutia.com\/fundamental\/wp-content\/uploads\/2026\/04\/image-1.png\" alt=\"\" class=\"wp-image-251\" srcset=\"https:\/\/mercedesbarrutia.com\/fundamental\/wp-content\/uploads\/2026\/04\/image-1.png 970w, https:\/\/mercedesbarrutia.com\/fundamental\/wp-content\/uploads\/2026\/04\/image-1-300x85.png 300w, https:\/\/mercedesbarrutia.com\/fundamental\/wp-content\/uploads\/2026\/04\/image-1-768x218.png 768w\" sizes=\"auto, (max-width: 970px) 100vw, 970px\" \/><\/figure>\n\n\n\n<div style=\"height:100px\" aria-hidden=\"true\" class=\"wp-block-spacer\"><\/div>\n\n\n\n<p><strong>\ud83e\udde9 3. Tarifas por horas (siempre bajo disponibilidad)<\/strong>*<\/p>\n\n\n\n<figure class=\"wp-block-image size-full\"><img loading=\"lazy\" decoding=\"async\" width=\"966\" height=\"349\" src=\"https:\/\/mercedesbarrutia.com\/fundamental\/wp-content\/uploads\/2026\/04\/image-2.png\" alt=\"\" class=\"wp-image-252\" srcset=\"https:\/\/mercedesbarrutia.com\/fundamental\/wp-content\/uploads\/2026\/04\/image-2.png 966w, https:\/\/mercedesbarrutia.com\/fundamental\/wp-content\/uploads\/2026\/04\/image-2-300x108.png 300w, https:\/\/mercedesbarrutia.com\/fundamental\/wp-content\/uploads\/2026\/04\/image-2-768x277.png 768w\" sizes=\"auto, (max-width: 966px) 100vw, 966px\" \/><\/figure>\n\n\n\n<div style=\"height:100px\" aria-hidden=\"true\" class=\"wp-block-spacer\"><\/div>\n\n\n\n<p>\ud83d\udccc <strong>Alquiler sala de reuniones (hasta 6 personas)<\/strong>*:<\/p>\n\n\n\n<figure class=\"wp-block-image size-full\"><img loading=\"lazy\" decoding=\"async\" width=\"970\" height=\"302\" src=\"https:\/\/mercedesbarrutia.com\/fundamental\/wp-content\/uploads\/2026\/04\/image-3.png\" alt=\"\" class=\"wp-image-253\" srcset=\"https:\/\/mercedesbarrutia.com\/fundamental\/wp-content\/uploads\/2026\/04\/image-3.png 970w, https:\/\/mercedesbarrutia.com\/fundamental\/wp-content\/uploads\/2026\/04\/image-3-300x93.png 300w, https:\/\/mercedesbarrutia.com\/fundamental\/wp-content\/uploads\/2026\/04\/image-3-768x239.png 768w\" sizes=\"auto, (max-width: 970px) 100vw, 970px\" \/><\/figure>\n\n\n\n<div style=\"height:100px\" aria-hidden=\"true\" class=\"wp-block-spacer\"><\/div>\n\n\n\n<p>\ud83d\udccc <strong>Alquiler sala formaciones (hasta 20 personas)<\/strong>*:<\/p>\n\n\n\n<figure class=\"wp-block-image size-full\"><img loading=\"lazy\" decoding=\"async\" width=\"971\" height=\"329\" src=\"https:\/\/mercedesbarrutia.com\/fundamental\/wp-content\/uploads\/2026\/04\/image-4.png\" alt=\"\" class=\"wp-image-254\" srcset=\"https:\/\/mercedesbarrutia.com\/fundamental\/wp-content\/uploads\/2026\/04\/image-4.png 971w, https:\/\/mercedesbarrutia.com\/fundamental\/wp-content\/uploads\/2026\/04\/image-4-300x102.png 300w, https:\/\/mercedesbarrutia.com\/fundamental\/wp-content\/uploads\/2026\/04\/image-4-768x260.png 768w\" sizes=\"auto, (max-width: 971px) 100vw, 971px\" \/><\/figure>\n\n\n\n<div style=\"height:100px\" aria-hidden=\"true\" class=\"wp-block-spacer\"><\/div>\n\n\n\n<p><strong>Alquiler de espacio y equipo audiovisual*:<\/strong><\/p>\n\n\n\n<figure class=\"wp-block-image size-full\"><img loading=\"lazy\" decoding=\"async\" width=\"680\" height=\"266\" src=\"https:\/\/mercedesbarrutia.com\/fundamental\/wp-content\/uploads\/2026\/04\/image-5.png\" alt=\"\" class=\"wp-image-255\" srcset=\"https:\/\/mercedesbarrutia.com\/fundamental\/wp-content\/uploads\/2026\/04\/image-5.png 680w, https:\/\/mercedesbarrutia.com\/fundamental\/wp-content\/uploads\/2026\/04\/image-5-300x117.png 300w\" sizes=\"auto, (max-width: 680px) 100vw, 680px\" \/><\/figure>\n\n\n\n<div style=\"height:100px\" aria-hidden=\"true\" class=\"wp-block-spacer\"><\/div>\n\n\n\n<p>*Sujerencia de precios con IVA, se estudiar\u00e1 cada caso cuando sea necesario. Precios sujetos a modificaciones. Reservado el derecho de modificaci\u00f3n y\/o actualizaci\u00f3n los precios sin previo aviso debido a errores u otras causas. El precio final se indicar\u00e1 siempre y en cada caso en el contrato de alquiler correpondiente. Puede contener erratas.  <\/p>\n\n\n\n<figure class=\"wp-block-image size-large\"><img loading=\"lazy\" decoding=\"async\" width=\"1024\" height=\"311\" src=\"https:\/\/mercedesbarrutia.com\/fundamental\/wp-content\/uploads\/2026\/04\/LOGO-SERVICIOS-1024x311.png\" alt=\"\" class=\"wp-image-244\" srcset=\"https:\/\/mercedesbarrutia.com\/fundamental\/wp-content\/uploads\/2026\/04\/LOGO-SERVICIOS-1024x311.png 1024w, https:\/\/mercedesbarrutia.com\/fundamental\/wp-content\/uploads\/2026\/04\/LOGO-SERVICIOS-300x91.png 300w, https:\/\/mercedesbarrutia.com\/fundamental\/wp-content\/uploads\/2026\/04\/LOGO-SERVICIOS-768x233.png 768w, https:\/\/mercedesbarrutia.com\/fundamental\/wp-content\/uploads\/2026\/04\/LOGO-SERVICIOS-1536x466.png 1536w, https:\/\/mercedesbarrutia.com\/fundamental\/wp-content\/uploads\/2026\/04\/LOGO-SERVICIOS-2048x621.png 2048w\" sizes=\"auto, (max-width: 1024px) 100vw, 1024px\" \/><\/figure>\n","protected":false},"excerpt":{"rendered":"<p>\ud83e\udde9 1. Tarifas mensuales* \ud83e\udde9 2. Tarifas por d\u00edas (siempre bajo disponibilidad)* \ud83e\udde9 3. Tarifas [&hellip;]<\/p>\n","protected":false},"author":2,"featured_media":0,"parent":0,"menu_order":0,"comment_status":"closed","ping_status":"closed","template":"","meta":{"_uag_custom_page_level_css":"","footnotes":""},"class_list":["post-248","page","type-page","status-publish","hentry"],"yoast_head":"<!-- This site is optimized with the Yoast SEO plugin v27.5 - https:\/\/yoast.com\/product\/yoast-seo-wordpress\/ -->\n<title>Tarifas - Es fundamental<\/title>\n<meta name=\"robots\" content=\"index, follow, max-snippet:-1, max-image-preview:large, max-video-preview:-1\" \/>\n<link rel=\"canonical\" href=\"https:\/\/mercedesbarrutia.com\/fundamental\/tarifas\/\" \/>\n<meta property=\"og:locale\" content=\"es_ES\" \/>\n<meta property=\"og:type\" content=\"article\" \/>\n<meta property=\"og:title\" content=\"Tarifas - Es fundamental\" \/>\n<meta property=\"og:description\" content=\"\ud83e\udde9 1. Tarifas mensuales* \ud83e\udde9 2. Tarifas por d\u00edas (siempre bajo disponibilidad)* \ud83e\udde9 3. Tarifas [&hellip;]\" \/>\n<meta property=\"og:url\" content=\"https:\/\/mercedesbarrutia.com\/fundamental\/tarifas\/\" \/>\n<meta property=\"og:site_name\" content=\"Es fundamental\" \/>\n<meta property=\"article:modified_time\" content=\"2026-04-29T14:28:50+00:00\" \/>\n<meta property=\"og:image\" content=\"https:\/\/mercedesbarrutia.com\/fundamental\/wp-content\/uploads\/2026\/04\/image.png\" \/>\n\t<meta property=\"og:image:width\" content=\"967\" \/>\n\t<meta property=\"og:image:height\" content=\"707\" \/>\n\t<meta property=\"og:image:type\" content=\"image\/png\" \/>\n<meta name=\"twitter:card\" content=\"summary_large_image\" \/>\n<meta name=\"twitter:label1\" content=\"Tiempo de lectura\" \/>\n\t<meta name=\"twitter:data1\" content=\"3 minutos\" \/>\n<script type=\"application\/ld+json\" class=\"yoast-schema-graph\">{\"@context\":\"https:\\\/\\\/schema.org\",\"@graph\":[{\"@type\":\"WebPage\",\"@id\":\"https:\\\/\\\/mercedesbarrutia.com\\\/fundamental\\\/tarifas\\\/\",\"url\":\"https:\\\/\\\/mercedesbarrutia.com\\\/fundamental\\\/tarifas\\\/\",\"name\":\"Tarifas - Es fundamental\",\"isPartOf\":{\"@id\":\"https:\\\/\\\/mercedesbarrutia.com\\\/fundamental\\\/#website\"},\"primaryImageOfPage\":{\"@id\":\"https:\\\/\\\/mercedesbarrutia.com\\\/fundamental\\\/tarifas\\\/#primaryimage\"},\"image\":{\"@id\":\"https:\\\/\\\/mercedesbarrutia.com\\\/fundamental\\\/tarifas\\\/#primaryimage\"},\"thumbnailUrl\":\"https:\\\/\\\/mercedesbarrutia.com\\\/fundamental\\\/wp-content\\\/uploads\\\/2026\\\/04\\\/image.png\",\"datePublished\":\"2026-04-29T14:28:49+00:00\",\"dateModified\":\"2026-04-29T14:28:50+00:00\",\"breadcrumb\":{\"@id\":\"https:\\\/\\\/mercedesbarrutia.com\\\/fundamental\\\/tarifas\\\/#breadcrumb\"},\"inLanguage\":\"es\",\"potentialAction\":[{\"@type\":\"ReadAction\",\"target\":[\"https:\\\/\\\/mercedesbarrutia.com\\\/fundamental\\\/tarifas\\\/\"]}]},{\"@type\":\"ImageObject\",\"inLanguage\":\"es\",\"@id\":\"https:\\\/\\\/mercedesbarrutia.com\\\/fundamental\\\/tarifas\\\/#primaryimage\",\"url\":\"https:\\\/\\\/mercedesbarrutia.com\\\/fundamental\\\/wp-content\\\/uploads\\\/2026\\\/04\\\/image.png\",\"contentUrl\":\"https:\\\/\\\/mercedesbarrutia.com\\\/fundamental\\\/wp-content\\\/uploads\\\/2026\\\/04\\\/image.png\",\"width\":967,\"height\":707},{\"@type\":\"BreadcrumbList\",\"@id\":\"https:\\\/\\\/mercedesbarrutia.com\\\/fundamental\\\/tarifas\\\/#breadcrumb\",\"itemListElement\":[{\"@type\":\"ListItem\",\"position\":1,\"name\":\"Portada\",\"item\":\"https:\\\/\\\/mercedesbarrutia.com\\\/fundamental\\\/\"},{\"@type\":\"ListItem\",\"position\":2,\"name\":\"Tarifas\"}]},{\"@type\":\"WebSite\",\"@id\":\"https:\\\/\\\/mercedesbarrutia.com\\\/fundamental\\\/#website\",\"url\":\"https:\\\/\\\/mercedesbarrutia.com\\\/fundamental\\\/\",\"name\":\"Formaci\u00f3n Profesional y Educaci\u00f3n Social\",\"description\":\"Formaci\u00f3n profesional &amp; educaci\u00f3n social\",\"publisher\":{\"@id\":\"https:\\\/\\\/mercedesbarrutia.com\\\/fundamental\\\/#\\\/schema\\\/person\\\/9beb311f3633e576fab6de667c16c022\"},\"potentialAction\":[{\"@type\":\"SearchAction\",\"target\":{\"@type\":\"EntryPoint\",\"urlTemplate\":\"https:\\\/\\\/mercedesbarrutia.com\\\/fundamental\\\/?s={search_term_string}\"},\"query-input\":{\"@type\":\"PropertyValueSpecification\",\"valueRequired\":true,\"valueName\":\"search_term_string\"}}],\"inLanguage\":\"es\"},{\"@type\":[\"Person\",\"Organization\"],\"@id\":\"https:\\\/\\\/mercedesbarrutia.com\\\/fundamental\\\/#\\\/schema\\\/person\\\/9beb311f3633e576fab6de667c16c022\",\"name\":\"Formaci\u00f3n Profesional y Educaci\u00f3n Social\",\"image\":{\"@type\":\"ImageObject\",\"inLanguage\":\"es\",\"@id\":\"https:\\\/\\\/mercedesbarrutia.com\\\/fundamental\\\/wp-content\\\/uploads\\\/2025\\\/01\\\/FUNDAMENTAL-LOGOTIPO-03.png\",\"url\":\"https:\\\/\\\/mercedesbarrutia.com\\\/fundamental\\\/wp-content\\\/uploads\\\/2025\\\/01\\\/FUNDAMENTAL-LOGOTIPO-03.png\",\"contentUrl\":\"https:\\\/\\\/mercedesbarrutia.com\\\/fundamental\\\/wp-content\\\/uploads\\\/2025\\\/01\\\/FUNDAMENTAL-LOGOTIPO-03.png\",\"width\":1082,\"height\":686,\"caption\":\"Formaci\u00f3n Profesional y Educaci\u00f3n Social\"},\"logo\":{\"@id\":\"https:\\\/\\\/mercedesbarrutia.com\\\/fundamental\\\/wp-content\\\/uploads\\\/2025\\\/01\\\/FUNDAMENTAL-LOGOTIPO-03.png\"},\"description\":\"Esta p\u00e1gina web es un entorno dedicado a la formaci\u00f3n profesional y a la educaci\u00f3n social a cargo de la comunicadora Mercedes Barrutia.\",\"sameAs\":[\"http:\\\/\\\/mercedesbarrutia.com\\\/fundamental\",\"https:\\\/\\\/www.instagram.com\\\/fundamental_formacion\\\/\",\"https:\\\/\\\/www.linkedin.com\\\/company\\\/fundamental-formacin\\\/\"]}]}<\/script>\n<!-- \/ Yoast SEO plugin. -->","yoast_head_json":{"title":"Tarifas - Es fundamental","robots":{"index":"index","follow":"follow","max-snippet":"max-snippet:-1","max-image-preview":"max-image-preview:large","max-video-preview":"max-video-preview:-1"},"canonical":"https:\/\/mercedesbarrutia.com\/fundamental\/tarifas\/","og_locale":"es_ES","og_type":"article","og_title":"Tarifas - Es fundamental","og_description":"\ud83e\udde9 1. Tarifas mensuales* \ud83e\udde9 2. Tarifas por d\u00edas (siempre bajo disponibilidad)* \ud83e\udde9 3. Tarifas [&hellip;]","og_url":"https:\/\/mercedesbarrutia.com\/fundamental\/tarifas\/","og_site_name":"Es fundamental","article_modified_time":"2026-04-29T14:28:50+00:00","og_image":[{"width":967,"height":707,"url":"https:\/\/mercedesbarrutia.com\/fundamental\/wp-content\/uploads\/2026\/04\/image.png","type":"image\/png"}],"twitter_card":"summary_large_image","twitter_misc":{"Tiempo de lectura":"3 minutos"},"schema":{"@context":"https:\/\/schema.org","@graph":[{"@type":"WebPage","@id":"https:\/\/mercedesbarrutia.com\/fundamental\/tarifas\/","url":"https:\/\/mercedesbarrutia.com\/fundamental\/tarifas\/","name":"Tarifas - Es fundamental","isPartOf":{"@id":"https:\/\/mercedesbarrutia.com\/fundamental\/#website"},"primaryImageOfPage":{"@id":"https:\/\/mercedesbarrutia.com\/fundamental\/tarifas\/#primaryimage"},"image":{"@id":"https:\/\/mercedesbarrutia.com\/fundamental\/tarifas\/#primaryimage"},"thumbnailUrl":"https:\/\/mercedesbarrutia.com\/fundamental\/wp-content\/uploads\/2026\/04\/image.png","datePublished":"2026-04-29T14:28:49+00:00","dateModified":"2026-04-29T14:28:50+00:00","breadcrumb":{"@id":"https:\/\/mercedesbarrutia.com\/fundamental\/tarifas\/#breadcrumb"},"inLanguage":"es","potentialAction":[{"@type":"ReadAction","target":["https:\/\/mercedesbarrutia.com\/fundamental\/tarifas\/"]}]},{"@type":"ImageObject","inLanguage":"es","@id":"https:\/\/mercedesbarrutia.com\/fundamental\/tarifas\/#primaryimage","url":"https:\/\/mercedesbarrutia.com\/fundamental\/wp-content\/uploads\/2026\/04\/image.png","contentUrl":"https:\/\/mercedesbarrutia.com\/fundamental\/wp-content\/uploads\/2026\/04\/image.png","width":967,"height":707},{"@type":"BreadcrumbList","@id":"https:\/\/mercedesbarrutia.com\/fundamental\/tarifas\/#breadcrumb","itemListElement":[{"@type":"ListItem","position":1,"name":"Portada","item":"https:\/\/mercedesbarrutia.com\/fundamental\/"},{"@type":"ListItem","position":2,"name":"Tarifas"}]},{"@type":"WebSite","@id":"https:\/\/mercedesbarrutia.com\/fundamental\/#website","url":"https:\/\/mercedesbarrutia.com\/fundamental\/","name":"Formaci\u00f3n Profesional y Educaci\u00f3n Social","description":"Formaci\u00f3n profesional &amp; educaci\u00f3n social","publisher":{"@id":"https:\/\/mercedesbarrutia.com\/fundamental\/#\/schema\/person\/9beb311f3633e576fab6de667c16c022"},"potentialAction":[{"@type":"SearchAction","target":{"@type":"EntryPoint","urlTemplate":"https:\/\/mercedesbarrutia.com\/fundamental\/?s={search_term_string}"},"query-input":{"@type":"PropertyValueSpecification","valueRequired":true,"valueName":"search_term_string"}}],"inLanguage":"es"},{"@type":["Person","Organization"],"@id":"https:\/\/mercedesbarrutia.com\/fundamental\/#\/schema\/person\/9beb311f3633e576fab6de667c16c022","name":"Formaci\u00f3n Profesional y Educaci\u00f3n Social","image":{"@type":"ImageObject","inLanguage":"es","@id":"https:\/\/mercedesbarrutia.com\/fundamental\/wp-content\/uploads\/2025\/01\/FUNDAMENTAL-LOGOTIPO-03.png","url":"https:\/\/mercedesbarrutia.com\/fundamental\/wp-content\/uploads\/2025\/01\/FUNDAMENTAL-LOGOTIPO-03.png","contentUrl":"https:\/\/mercedesbarrutia.com\/fundamental\/wp-content\/uploads\/2025\/01\/FUNDAMENTAL-LOGOTIPO-03.png","width":1082,"height":686,"caption":"Formaci\u00f3n Profesional y Educaci\u00f3n Social"},"logo":{"@id":"https:\/\/mercedesbarrutia.com\/fundamental\/wp-content\/uploads\/2025\/01\/FUNDAMENTAL-LOGOTIPO-03.png"},"description":"Esta p\u00e1gina web es un entorno dedicado a la formaci\u00f3n profesional y a la educaci\u00f3n social a cargo de la comunicadora Mercedes Barrutia.","sameAs":["http:\/\/mercedesbarrutia.com\/fundamental","https:\/\/www.instagram.com\/fundamental_formacion\/","https:\/\/www.linkedin.com\/company\/fundamental-formacin\/"]}]}},"uagb_featured_image_src":{"full":false,"thumbnail":false,"medium":false,"medium_large":false,"large":false,"1536x1536":false,"2048x2048":false},"uagb_author_info":{"display_name":"Formaci\u00f3n Profesional y Educaci\u00f3n Social","author_link":"https:\/\/mercedesbarrutia.com\/fundamental\/author\/admin-2\/"},"uagb_comment_info":0,"uagb_excerpt":"\ud83e\udde9 1. Tarifas mensuales* \ud83e\udde9 2. Tarifas por d\u00edas (siempre bajo disponibilidad)* \ud83e\udde9 3. Tarifas [&hellip;]","jetpack_sharing_enabled":true,"_links":{"self":[{"href":"https:\/\/mercedesbarrutia.com\/fundamental\/wp-json\/wp\/v2\/pages\/248","targetHints":{"allow":["GET"]}}],"collection":[{"href":"https:\/\/mercedesbarrutia.com\/fundamental\/wp-json\/wp\/v2\/pages"}],"about":[{"href":"https:\/\/mercedesbarrutia.com\/fundamental\/wp-json\/wp\/v2\/types\/page"}],"author":[{"embeddable":true,"href":"https:\/\/mercedesbarrutia.com\/fundamental\/wp-json\/wp\/v2\/users\/2"}],"replies":[{"embeddable":true,"href":"https:\/\/mercedesbarrutia.com\/fundamental\/wp-json\/wp\/v2\/comments?post=248"}],"version-history":[{"count":3,"href":"https:\/\/mercedesbarrutia.com\/fundamental\/wp-json\/wp\/v2\/pages\/248\/revisions"}],"predecessor-version":[{"id":257,"href":"https:\/\/mercedesbarrutia.com\/fundamental\/wp-json\/wp\/v2\/pages\/248\/revisions\/257"}],"wp:attachment":[{"href":"https:\/\/mercedesbarrutia.com\/fundamental\/wp-json\/wp\/v2\/media?parent=248"}],"curies":[{"name":"wp","href":"https:\/\/api.w.org\/{rel}","templated":true}]}}