{"id":231,"date":"2025-08-28T22:31:48","date_gmt":"2025-08-28T22:31:48","guid":{"rendered":"https:\/\/mercedesbarrutia.com\/fundamental\/?page_id=231"},"modified":"2026-04-29T13:48:29","modified_gmt":"2026-04-29T13:48:29","slug":"odotipo","status":"publish","type":"page","link":"https:\/\/mercedesbarrutia.com\/fundamental\/odotipo\/","title":{"rendered":"Odotipo"},"content":{"rendered":"\n<p>Nuestro jazm\u00edn debe traerte recuerdos de tu infancia, del verano, del valor de la familia. <br>As\u00ed huelen la formaci\u00f3n profesional y la educaci\u00f3n social, a calma, limpieza y bienestar. <\/p>\n\n\n\n<p>Con toques de cimiento de una sociedad m\u00e1s igualitaria y equilibrada, m\u00e1s intelectual y m\u00e1s cr\u00edtica. <\/p>\n\n\n\n<p>Si te fijas, mientras navegas por el \u00e1gora, distinguir\u00e1s olor a<\/p>\n\n\n\n<p class=\"has-text-align-center\"><strong>Humanismo<\/strong><\/p>\n\n\n\n<p class=\"has-text-align-center\"><strong>Pacifismo<\/strong><\/p>\n\n\n\n<p class=\"has-text-align-center\"><strong>Centrismo<\/strong><\/p>\n\n\n\n<p class=\"has-text-align-center\"><strong><\/strong><strong>Feminismo<\/strong><\/p>\n\n\n\n<p class=\"has-text-align-center\"><strong><\/strong><strong>Filantrop\u00eda<\/strong><\/p>\n\n\n\n<p>As\u00ed somos. <br>As\u00ed pensamos. <\/p>\n\n\n\n<figure class=\"wp-block-image aligncenter size-full is-resized\"><img loading=\"lazy\" decoding=\"async\" width=\"300\" height=\"300\" src=\"https:\/\/mercedesbarrutia.com\/fundamental\/wp-content\/uploads\/2025\/08\/jazmin.png\" alt=\"\" class=\"wp-image-185\" style=\"width:115px;height:auto\" srcset=\"https:\/\/mercedesbarrutia.com\/fundamental\/wp-content\/uploads\/2025\/08\/jazmin.png 300w, https:\/\/mercedesbarrutia.com\/fundamental\/wp-content\/uploads\/2025\/08\/jazmin-150x150.png 150w\" sizes=\"auto, (max-width: 300px) 100vw, 300px\" \/><\/figure>\n\n\n\n<p><\/p>\n","protected":false},"excerpt":{"rendered":"<p>Nuestro jazm\u00edn debe traerte recuerdos de tu infancia, del verano, del valor de la familia. [&hellip;]<\/p>\n","protected":false},"author":2,"featured_media":0,"parent":0,"menu_order":0,"comment_status":"closed","ping_status":"closed","template":"","meta":{"_uag_custom_page_level_css":"","footnotes":""},"class_list":["post-231","page","type-page","status-publish","hentry"],"yoast_head":"<!-- This site is optimized with the Yoast SEO plugin v27.5 - https:\/\/yoast.com\/product\/yoast-seo-wordpress\/ -->\n<title>Odotipo - Es fundamental<\/title>\n<meta name=\"description\" content=\"Concepto de odotipo e imagen de marca de Formaci\u00f3n Profesional y Educaci\u00f3n Social a cargo de la comunicadora Mercedes Barrutia\" \/>\n<meta name=\"robots\" content=\"index, follow, max-snippet:-1, max-image-preview:large, max-video-preview:-1\" \/>\n<link rel=\"canonical\" href=\"https:\/\/mercedesbarrutia.com\/fundamental\/odotipo\/\" \/>\n<meta property=\"og:locale\" content=\"es_ES\" \/>\n<meta property=\"og:type\" content=\"article\" \/>\n<meta property=\"og:title\" content=\"Odotipo - Es fundamental\" \/>\n<meta property=\"og:description\" content=\"Concepto de odotipo e imagen de marca de Formaci\u00f3n Profesional y Educaci\u00f3n Social a cargo de la comunicadora Mercedes Barrutia\" \/>\n<meta property=\"og:url\" content=\"https:\/\/mercedesbarrutia.com\/fundamental\/odotipo\/\" \/>\n<meta property=\"og:site_name\" content=\"Es fundamental\" \/>\n<meta property=\"article:modified_time\" content=\"2026-04-29T13:48:29+00:00\" \/>\n<meta property=\"og:image\" content=\"https:\/\/mercedesbarrutia.com\/fundamental\/wp-content\/uploads\/2025\/08\/jazmin.png\" \/>\n\t<meta property=\"og:image:width\" content=\"300\" \/>\n\t<meta property=\"og:image:height\" content=\"300\" \/>\n\t<meta property=\"og:image:type\" content=\"image\/png\" \/>\n<meta name=\"twitter:card\" content=\"summary_large_image\" \/>\n<meta name=\"twitter:label1\" content=\"Tiempo de lectura\" \/>\n\t<meta name=\"twitter:data1\" content=\"1 minuto\" \/>\n<script type=\"application\/ld+json\" class=\"yoast-schema-graph\">{\"@context\":\"https:\\\/\\\/schema.org\",\"@graph\":[{\"@type\":\"WebPage\",\"@id\":\"https:\\\/\\\/mercedesbarrutia.com\\\/fundamental\\\/odotipo\\\/\",\"url\":\"https:\\\/\\\/mercedesbarrutia.com\\\/fundamental\\\/odotipo\\\/\",\"name\":\"Odotipo - Es fundamental\",\"isPartOf\":{\"@id\":\"https:\\\/\\\/mercedesbarrutia.com\\\/fundamental\\\/#website\"},\"primaryImageOfPage\":{\"@id\":\"https:\\\/\\\/mercedesbarrutia.com\\\/fundamental\\\/odotipo\\\/#primaryimage\"},\"image\":{\"@id\":\"https:\\\/\\\/mercedesbarrutia.com\\\/fundamental\\\/odotipo\\\/#primaryimage\"},\"thumbnailUrl\":\"https:\\\/\\\/mercedesbarrutia.com\\\/fundamental\\\/wp-content\\\/uploads\\\/2025\\\/08\\\/jazmin.png\",\"datePublished\":\"2025-08-28T22:31:48+00:00\",\"dateModified\":\"2026-04-29T13:48:29+00:00\",\"description\":\"Concepto de odotipo e imagen de marca de Formaci\u00f3n Profesional y Educaci\u00f3n Social a cargo de la comunicadora Mercedes Barrutia\",\"breadcrumb\":{\"@id\":\"https:\\\/\\\/mercedesbarrutia.com\\\/fundamental\\\/odotipo\\\/#breadcrumb\"},\"inLanguage\":\"es\",\"potentialAction\":[{\"@type\":\"ReadAction\",\"target\":[\"https:\\\/\\\/mercedesbarrutia.com\\\/fundamental\\\/odotipo\\\/\"]}]},{\"@type\":\"ImageObject\",\"inLanguage\":\"es\",\"@id\":\"https:\\\/\\\/mercedesbarrutia.com\\\/fundamental\\\/odotipo\\\/#primaryimage\",\"url\":\"https:\\\/\\\/mercedesbarrutia.com\\\/fundamental\\\/wp-content\\\/uploads\\\/2025\\\/08\\\/jazmin.png\",\"contentUrl\":\"https:\\\/\\\/mercedesbarrutia.com\\\/fundamental\\\/wp-content\\\/uploads\\\/2025\\\/08\\\/jazmin.png\",\"width\":300,\"height\":300},{\"@type\":\"BreadcrumbList\",\"@id\":\"https:\\\/\\\/mercedesbarrutia.com\\\/fundamental\\\/odotipo\\\/#breadcrumb\",\"itemListElement\":[{\"@type\":\"ListItem\",\"position\":1,\"name\":\"Portada\",\"item\":\"https:\\\/\\\/mercedesbarrutia.com\\\/fundamental\\\/\"},{\"@type\":\"ListItem\",\"position\":2,\"name\":\"Odotipo\"}]},{\"@type\":\"WebSite\",\"@id\":\"https:\\\/\\\/mercedesbarrutia.com\\\/fundamental\\\/#website\",\"url\":\"https:\\\/\\\/mercedesbarrutia.com\\\/fundamental\\\/\",\"name\":\"Formaci\u00f3n Profesional y Educaci\u00f3n Social\",\"description\":\"Formaci\u00f3n profesional &amp; educaci\u00f3n social\",\"publisher\":{\"@id\":\"https:\\\/\\\/mercedesbarrutia.com\\\/fundamental\\\/#\\\/schema\\\/person\\\/9beb311f3633e576fab6de667c16c022\"},\"potentialAction\":[{\"@type\":\"SearchAction\",\"target\":{\"@type\":\"EntryPoint\",\"urlTemplate\":\"https:\\\/\\\/mercedesbarrutia.com\\\/fundamental\\\/?s={search_term_string}\"},\"query-input\":{\"@type\":\"PropertyValueSpecification\",\"valueRequired\":true,\"valueName\":\"search_term_string\"}}],\"inLanguage\":\"es\"},{\"@type\":[\"Person\",\"Organization\"],\"@id\":\"https:\\\/\\\/mercedesbarrutia.com\\\/fundamental\\\/#\\\/schema\\\/person\\\/9beb311f3633e576fab6de667c16c022\",\"name\":\"Formaci\u00f3n Profesional y Educaci\u00f3n Social\",\"image\":{\"@type\":\"ImageObject\",\"inLanguage\":\"es\",\"@id\":\"https:\\\/\\\/mercedesbarrutia.com\\\/fundamental\\\/wp-content\\\/uploads\\\/2025\\\/01\\\/FUNDAMENTAL-LOGOTIPO-03.png\",\"url\":\"https:\\\/\\\/mercedesbarrutia.com\\\/fundamental\\\/wp-content\\\/uploads\\\/2025\\\/01\\\/FUNDAMENTAL-LOGOTIPO-03.png\",\"contentUrl\":\"https:\\\/\\\/mercedesbarrutia.com\\\/fundamental\\\/wp-content\\\/uploads\\\/2025\\\/01\\\/FUNDAMENTAL-LOGOTIPO-03.png\",\"width\":1082,\"height\":686,\"caption\":\"Formaci\u00f3n Profesional y Educaci\u00f3n Social\"},\"logo\":{\"@id\":\"https:\\\/\\\/mercedesbarrutia.com\\\/fundamental\\\/wp-content\\\/uploads\\\/2025\\\/01\\\/FUNDAMENTAL-LOGOTIPO-03.png\"},\"description\":\"Esta p\u00e1gina web es un entorno dedicado a la formaci\u00f3n profesional y a la educaci\u00f3n social a cargo de la comunicadora Mercedes Barrutia.\",\"sameAs\":[\"http:\\\/\\\/mercedesbarrutia.com\\\/fundamental\",\"https:\\\/\\\/www.instagram.com\\\/fundamental_formacion\\\/\",\"https:\\\/\\\/www.linkedin.com\\\/company\\\/fundamental-formacin\\\/\"]}]}<\/script>\n<!-- \/ Yoast SEO plugin. -->","yoast_head_json":{"title":"Odotipo - Es fundamental","description":"Concepto de odotipo e imagen de marca de Formaci\u00f3n Profesional y Educaci\u00f3n Social a cargo de la comunicadora Mercedes Barrutia","robots":{"index":"index","follow":"follow","max-snippet":"max-snippet:-1","max-image-preview":"max-image-preview:large","max-video-preview":"max-video-preview:-1"},"canonical":"https:\/\/mercedesbarrutia.com\/fundamental\/odotipo\/","og_locale":"es_ES","og_type":"article","og_title":"Odotipo - Es fundamental","og_description":"Concepto de odotipo e imagen de marca de Formaci\u00f3n Profesional y Educaci\u00f3n Social a cargo de la comunicadora Mercedes Barrutia","og_url":"https:\/\/mercedesbarrutia.com\/fundamental\/odotipo\/","og_site_name":"Es fundamental","article_modified_time":"2026-04-29T13:48:29+00:00","og_image":[{"width":300,"height":300,"url":"https:\/\/mercedesbarrutia.com\/fundamental\/wp-content\/uploads\/2025\/08\/jazmin.png","type":"image\/png"}],"twitter_card":"summary_large_image","twitter_misc":{"Tiempo de lectura":"1 minuto"},"schema":{"@context":"https:\/\/schema.org","@graph":[{"@type":"WebPage","@id":"https:\/\/mercedesbarrutia.com\/fundamental\/odotipo\/","url":"https:\/\/mercedesbarrutia.com\/fundamental\/odotipo\/","name":"Odotipo - Es fundamental","isPartOf":{"@id":"https:\/\/mercedesbarrutia.com\/fundamental\/#website"},"primaryImageOfPage":{"@id":"https:\/\/mercedesbarrutia.com\/fundamental\/odotipo\/#primaryimage"},"image":{"@id":"https:\/\/mercedesbarrutia.com\/fundamental\/odotipo\/#primaryimage"},"thumbnailUrl":"https:\/\/mercedesbarrutia.com\/fundamental\/wp-content\/uploads\/2025\/08\/jazmin.png","datePublished":"2025-08-28T22:31:48+00:00","dateModified":"2026-04-29T13:48:29+00:00","description":"Concepto de odotipo e imagen de marca de Formaci\u00f3n Profesional y Educaci\u00f3n Social a cargo de la comunicadora Mercedes Barrutia","breadcrumb":{"@id":"https:\/\/mercedesbarrutia.com\/fundamental\/odotipo\/#breadcrumb"},"inLanguage":"es","potentialAction":[{"@type":"ReadAction","target":["https:\/\/mercedesbarrutia.com\/fundamental\/odotipo\/"]}]},{"@type":"ImageObject","inLanguage":"es","@id":"https:\/\/mercedesbarrutia.com\/fundamental\/odotipo\/#primaryimage","url":"https:\/\/mercedesbarrutia.com\/fundamental\/wp-content\/uploads\/2025\/08\/jazmin.png","contentUrl":"https:\/\/mercedesbarrutia.com\/fundamental\/wp-content\/uploads\/2025\/08\/jazmin.png","width":300,"height":300},{"@type":"BreadcrumbList","@id":"https:\/\/mercedesbarrutia.com\/fundamental\/odotipo\/#breadcrumb","itemListElement":[{"@type":"ListItem","position":1,"name":"Portada","item":"https:\/\/mercedesbarrutia.com\/fundamental\/"},{"@type":"ListItem","position":2,"name":"Odotipo"}]},{"@type":"WebSite","@id":"https:\/\/mercedesbarrutia.com\/fundamental\/#website","url":"https:\/\/mercedesbarrutia.com\/fundamental\/","name":"Formaci\u00f3n Profesional y Educaci\u00f3n Social","description":"Formaci\u00f3n profesional &amp; educaci\u00f3n social","publisher":{"@id":"https:\/\/mercedesbarrutia.com\/fundamental\/#\/schema\/person\/9beb311f3633e576fab6de667c16c022"},"potentialAction":[{"@type":"SearchAction","target":{"@type":"EntryPoint","urlTemplate":"https:\/\/mercedesbarrutia.com\/fundamental\/?s={search_term_string}"},"query-input":{"@type":"PropertyValueSpecification","valueRequired":true,"valueName":"search_term_string"}}],"inLanguage":"es"},{"@type":["Person","Organization"],"@id":"https:\/\/mercedesbarrutia.com\/fundamental\/#\/schema\/person\/9beb311f3633e576fab6de667c16c022","name":"Formaci\u00f3n Profesional y Educaci\u00f3n Social","image":{"@type":"ImageObject","inLanguage":"es","@id":"https:\/\/mercedesbarrutia.com\/fundamental\/wp-content\/uploads\/2025\/01\/FUNDAMENTAL-LOGOTIPO-03.png","url":"https:\/\/mercedesbarrutia.com\/fundamental\/wp-content\/uploads\/2025\/01\/FUNDAMENTAL-LOGOTIPO-03.png","contentUrl":"https:\/\/mercedesbarrutia.com\/fundamental\/wp-content\/uploads\/2025\/01\/FUNDAMENTAL-LOGOTIPO-03.png","width":1082,"height":686,"caption":"Formaci\u00f3n Profesional y Educaci\u00f3n Social"},"logo":{"@id":"https:\/\/mercedesbarrutia.com\/fundamental\/wp-content\/uploads\/2025\/01\/FUNDAMENTAL-LOGOTIPO-03.png"},"description":"Esta p\u00e1gina web es un entorno dedicado a la formaci\u00f3n profesional y a la educaci\u00f3n social a cargo de la comunicadora Mercedes Barrutia.","sameAs":["http:\/\/mercedesbarrutia.com\/fundamental","https:\/\/www.instagram.com\/fundamental_formacion\/","https:\/\/www.linkedin.com\/company\/fundamental-formacin\/"]}]}},"uagb_featured_image_src":{"full":false,"thumbnail":false,"medium":false,"medium_large":false,"large":false,"1536x1536":false,"2048x2048":false},"uagb_author_info":{"display_name":"Formaci\u00f3n Profesional y Educaci\u00f3n Social","author_link":"https:\/\/mercedesbarrutia.com\/fundamental\/author\/admin-2\/"},"uagb_comment_info":0,"uagb_excerpt":"Nuestro jazm\u00edn debe traerte recuerdos de tu infancia, del verano, del valor de la familia. [&hellip;]","jetpack_sharing_enabled":true,"_links":{"self":[{"href":"https:\/\/mercedesbarrutia.com\/fundamental\/wp-json\/wp\/v2\/pages\/231","targetHints":{"allow":["GET"]}}],"collection":[{"href":"https:\/\/mercedesbarrutia.com\/fundamental\/wp-json\/wp\/v2\/pages"}],"about":[{"href":"https:\/\/mercedesbarrutia.com\/fundamental\/wp-json\/wp\/v2\/types\/page"}],"author":[{"embeddable":true,"href":"https:\/\/mercedesbarrutia.com\/fundamental\/wp-json\/wp\/v2\/users\/2"}],"replies":[{"embeddable":true,"href":"https:\/\/mercedesbarrutia.com\/fundamental\/wp-json\/wp\/v2\/comments?post=231"}],"version-history":[{"count":1,"href":"https:\/\/mercedesbarrutia.com\/fundamental\/wp-json\/wp\/v2\/pages\/231\/revisions"}],"predecessor-version":[{"id":232,"href":"https:\/\/mercedesbarrutia.com\/fundamental\/wp-json\/wp\/v2\/pages\/231\/revisions\/232"}],"wp:attachment":[{"href":"https:\/\/mercedesbarrutia.com\/fundamental\/wp-json\/wp\/v2\/media?parent=231"}],"curies":[{"name":"wp","href":"https:\/\/api.w.org\/{rel}","templated":true}]}}